{"id":3551,"date":"2023-08-11T11:08:59","date_gmt":"2023-08-11T14:08:59","guid":{"rendered":"https:\/\/isef2-caba.infd.edu.ar\/sitio\/?page_id=3551"},"modified":"2023-12-19T14:26:54","modified_gmt":"2023-12-19T17:26:54","slug":"consejo-directivo","status":"publish","type":"page","link":"https:\/\/isef2-caba.infd.edu.ar\/sitio\/consejo-directivo\/","title":{"rendered":"Consejo Directivo"},"content":{"rendered":"\n<p>Resoluciones aprobadas por Consejo directivo:<\/p>\n\n\n\n<p>Reuni\u00f3n del C.D 15\/11\/2023<\/p>\n\n\n\n<p>Estimadas\/os colegas:<br>Les compartimos informaci\u00f3n a modo de un breve punteo acerca de la 1ra reuni\u00f3n de Consejo Directivo recientemente conformado para el periodo 2023-2025.<br>Saludos cordiales<br>Equipo de Conducci\u00f3n<\/p>\n\n\n\n<p>Luego de las presentaciones personales pertinentes, el Rector Oscar Coso dio inicio al encuentro comentando algunas cuestiones respecto de la organizaci\u00f3n interna y funcionamiento del C.D.<br>Como principal objetivo para el pr\u00f3ximo a\u00f1o el Rector plantea la modificaci\u00f3n y adecuaci\u00f3n de los reglamentos vigentes; entre estas tareas se encuentran la realizaci\u00f3n de un nuevo R.O.I. (Reglamento Org\u00e1nico Institucional), se puntualiza en trabajar y modificar el Reglamento Acad\u00e9mico institucional (R.A.I.) adecu\u00e1ndose al nuevo plan de estudio. El reglamento de Convivencia tambi\u00e9n deber\u00e1 ser abordado, siempre teniendo al reglamento marco como base. Adem\u00e1s ser\u00e1 materia de debate y posibles modificaciones el Reglamento de selecci\u00f3n de antecedentes.<br>Otro tema significativo que se trat\u00f3 fue la posibilidad de llevar adelante la implementaci\u00f3n de una \u201cGu\u00eda Did\u00e1ctica\u201d para cada materia o taller de la carrera, en donde se detalle el cronograma de clases, evaluaciones, recuperatorios y criterio para lograr la nota final.<br>Se inform\u00f3 el estado de situaci\u00f3n del P.C.I. (Plan Curricular Institucional) y que para el a\u00f1o 2024 se implementara el 2do del nuevo plan de estudio, mientras que el 3er y 4to a\u00f1o seguir\u00e1n siendo del viejo plan (N\u02da628\/17), en referencia a los docentes, se realizar\u00e1n las reubicaciones pertinentes.<br>A los efectos de permitir el normal funcionamiento del C.D., por unanimidad se vota que cualquier miembro de una lista de consejeros (independientemente del orden preestablecido) pueda reemplazar al integrante ausente, a fin de cubrir el cupo vacante y llegar al qu\u00f3rum necesario.<br>Respecto de los llamados a selecci\u00f3n de antecedentes, se aprueba la presentaci\u00f3n de un Curriculum Vitae, por parte de los miembros de la Comisi\u00f3n Evaluadora, tanto para la recepci\u00f3n de esa informaci\u00f3n a modo resguardo al interior del C.D., como para aquel que lo solicite.<br>Se aprueba la Comisi\u00f3n Evaluadora para el llamado a selecci\u00f3n de antecedentes para el cargo de Regente.<br>Adem\u00e1s se informa sobre la implementaci\u00f3n del sistema SIU Guaran\u00ed y su vinculaci\u00f3n con el Reglamento Acad\u00e9mico. En este punto se debate sobre la situaci\u00f3n de los alumnos reprobados de 1er a\u00f1o (Plan nuevo), es decir aquellos que obtienen una nota menor a 4 (3,75 o menos) y la posibilidad o no de acceder a los ex\u00e1menes finales de febrero 2024.<br>Se presentan 2 mociones; moci\u00f3n \u201cA\u201d, brindar la posibilidad de habilitar a dichos estudiantes a presentarse en la mesa a ex\u00e1menes finales y de manera excepcional en car\u00e1cter de alumno \u201cLibre\u201d, con la aclaraci\u00f3n que deber\u00e1n recursar la materia en caso de no aprobar. La moci\u00f3n \u201cB\u201d habla de solicitar a los docentes que registren en sus planillas de notas, una nota m\u00ednima de 4 pts., a los efectos de darles la posibilidad de presentarse en las mesas finales de febrero de 2024.<br>La moci\u00f3n A obtiene 9 votos, la moci\u00f3n B no obtiene votos y se registran 3 abstenciones.<\/p>\n\n\n\n<p>Reuni\u00f3n de C.D. 16\/6\/2023.<\/p>\n\n\n\n<ul>\n<li>Reglamentaci\u00f3n de licencias deportivas<\/li>\n<\/ul>\n\n\n\n<p>Se aprueban por unanimidad las siguientes consideraciones para poder acceder a su solicitud y justificar ausencia durante la cursada:<\/p>\n\n\n\n<ul>\n<li>Competencias representativas del Instituto (ej., JUR)<\/li>\n\n\n\n<li>Convocatoria a selecciones nacionales (entrenamientos y torneos).<\/li>\n\n\n\n<li>Torneos Internacionales representando a Clubes.<\/li>\n\n\n\n<li>Torneos Nacionales organizados por la Confederaci\u00f3n Nacional del deporte que convoca (entrenamientos y torneos).<\/li>\n\n\n\n<li>Se extiende para deportistas, entrenadores y \u00e1rbitros.<\/li>\n\n\n\n<li>Se deber\u00e1 presentar certificado de participaci\u00f3n posterior a la competici\u00f3n con la firma, sello y membrete correspondientes, detallando los d\u00edas en cuesti\u00f3n.<\/li>\n\n\n\n<li>La bedel\u00eda ser\u00e1 la oficina encargada de la recepci\u00f3n del tr\u00e1mite y se deriva al jefe de Departamento de deportes para su resoluci\u00f3n.<\/li>\n\n\n\n<li>En ning\u00fan caso los estudiantes podr\u00e1n superar el 40% de inasistencias totales (injustificadas, Lic. Deportivas, etc.). Por lo tanto, para acreditar la cursada se deber\u00e1 contar con el 60% del presentismo en materias y talleres.<\/li>\n\n\n\n<li>Se comenz\u00f3 a tratar el <strong>r\u00e9gimen de evaluaci\u00f3n,<\/strong> en l\u00ednea con la preocupaci\u00f3n se\u00f1alada por los consejeros estudiantiles, para el nuevo Reglamento Acad\u00e9mico Institucional. Se hace eje la discusi\u00f3n sobre un conjunto de medidas que regulen la evaluaci\u00f3n de las&nbsp; c\u00e1tedras, por ejemplo, la de garantizar una instancia de recuperaci\u00f3n de contenidos para aquellos estudiantes que lo necesiten.<\/li>\n<\/ul>\n\n\n\n<p>Desde el rectorado se sugiere la implementaci\u00f3n de una \u201cGu\u00eda did\u00e1ctica\u201d&nbsp; para cada c\u00e1tedra, que consista en la presentaci\u00f3n de la asignatura,&nbsp; a comienzos de la cursada, en donde consten; criterios de evaluaci\u00f3n, por lo menos 2 instancias evaluatorias, la explicaci\u00f3n del mecanismo de la obtenci\u00f3n de la nota final, etc.<\/p>\n\n\n\n<p>De la discusi\u00f3n entre los consejeros surge la idea de que no deber\u00eda ser obligatorio la evaluaci\u00f3n de las instancias pr\u00e1cticas.<\/p>\n\n\n\n<p>No se lleg\u00f3 a ning\u00fan acuerdo a\u00fan y se determin\u00f3 seguir el debate en las pr\u00f3ximas reuniones de C.D.<\/p>\n\n\n\n<p>Reuni\u00f3n de C.D. 7\/7\/2023<\/p>\n\n\n\n<ul>\n<li><strong>El Rector informa<\/strong>: la recepci\u00f3n desde el Ministerio de Educaci\u00f3n de la Naci\u00f3n de una partida de computadoras de escritorio.&nbsp; Por otra parte, puntualiza la labor del nuevo bedel, el Prof. Cristian Ayude,&nbsp; encarg\u00e1ndose de la organizaci\u00f3n de un nuevo espacio para las m\u00e1quinas de musculaci\u00f3n en uno de los vestuarios que se encuentran en el anexo, adem\u00e1s coment\u00f3 que&nbsp; se logr\u00f3 acondicionar el otro vestuario a modo de aula, se coloc\u00f3 pizarr\u00f3n y sillas logrando tener una capacidad de 30 alumnos aproximadamente.<\/li>\n<\/ul>\n\n\n\n<p>Tambi\u00e9n inform\u00f3 acerca de la recopilaci\u00f3n y organizaci\u00f3n de insumos para los auxiliares de porter\u00eda.<\/p>\n\n\n\n<p>Manifiesta preocupaci\u00f3n por nuevas desapariciones de material deportivo que estaba en uso.<\/p>\n\n\n\n<p>Se recuerda a todos los miembros de CD para su comunicaci\u00f3n Inter claustro que no est\u00e1 permitido fumar dentro de la instituci\u00f3n.<\/p>\n\n\n\n<p>Tambi\u00e9n comunic\u00f3&nbsp; acerca de una articulaci\u00f3n entre la Universidad de la Ciudad de Buenos Aires y la Universidad de Hamburgo: autoridades de ambas instituciones recorrieron las instalaciones de nuestra instituci\u00f3n, as\u00ed como tambi\u00e9n de varias escuelas p\u00fablicas de la Ciudad de Buenos Aires.&nbsp; Se firm\u00f3 un convenio para que un grupo de 12 personas (de ambos ISEF, y la Universidad) accedan a becas, teniendo como objetivo visitar la Universidad de Hamburgo por un periodo de 15 d\u00edas.<\/p>\n\n\n\n<ul>\n<li>Se comenz\u00f3 a debatir el <strong>r\u00e9gimen de promoci\u00f3n de materias y talleres<\/strong>, para delinear futuras decisiones que impliquen su incorporaci\u00f3n al pr\u00f3ximo Reglamento Acad\u00e9mico Institucional que acompa\u00f1e el cambio de plan.&nbsp;&nbsp;<\/li>\n<\/ul>\n\n\n\n<p>Se acuerdan los siguientes \u00edtems en funci\u00f3n de las notas<strong>&nbsp;finales<\/strong>&nbsp;de materias cursadas; 0 a 3,75 pts., reprobado; 4 a 6,75 pts. tiene la materia regularizada y debe rendir examen Final y nota mayor a 7 pts., tiene la materia aprobada.<\/p>\n\n\n\n<p><strong>El estudiante con m\u00e1s del 25% de inasistencias debe recursar la materia.<\/strong><\/p>\n\n\n\n<p><strong>El estudiante con nota final menor a 4 pts., debe recursar la materia.<\/strong><\/p>\n\n\n\n<p>Desde la conducci\u00f3n se se\u00f1ala el problema que implica la gran cantidad de pedidos&nbsp; a recursar materias y se une a la necesidad de poner un l\u00edmite a las materias a \u201cprecursar\u201d, puntualmente, debido a la falta de espacio f\u00edsico y en ese sentido, darle prioridad a estudiantes con nota menor a 4 (cuatro) para que puedan recursar. En l\u00ednea con lo que se detalla se propone reforzar el papel de la tutor\u00eda.<\/p>\n\n\n\n<ul>\n<li>Por unanimidad se vot\u00f3 extender hasta noviembre de 2023 el periodo de este CD, con motivo de la realizaci\u00f3n de elecciones conjuntas en el a\u00f1o 2025 de CD y autoridades de conducci\u00f3n.&nbsp;<\/li>\n\n\n\n<li>Por unanimidad se convalida el concurso de la materia Sistema e Instituciones Educativas.<\/li>\n\n\n\n<li>Por unanimidad se vot\u00f3 el apoyo al pronunciamiento del Claustro estudiantil solidariz\u00e1ndose sobre&nbsp; la situaci\u00f3n existente en la provincia de Jujuy con su comunidad educativa.<\/li>\n\n\n\n<li>Al finalizar la reuni\u00f3n el claustro estudiantil manifiesta la necesidad de representatividad de dicho claustro en el consejo acad\u00e9mico,&nbsp; idea que es apoyada por la Conducci\u00f3n, manifestando la importancia de reglamentar su funcionamiento para incorporarlo al nuevo R.A.I.<\/li>\n<\/ul>\n\n\n\n<p>Reuni\u00f3n de C.D.16\/8\/2023 &#8211; Sin qu\u00f3rum<\/p>\n\n\n\n<p><strong>Reuni\u00f3n de CD&nbsp; del 4\/9\/2023<\/strong><\/p>\n\n\n\n<p>El objetivo de esta reuni\u00f3n fue la convalidaci\u00f3n del resultado del acto eleccionario llevado adelante los d\u00edas 31 de Agosto y 1ro de Septiembre, para la funci\u00f3n de Vicerrector, cargo de creaci\u00f3n P.O.F. 2023. Dicho cargo se cumplira hasta finalizar el mandato de la actual conducci\u00f3n, el 17 de Febrero de 2026<\/p>\n\n\n\n<p>De acuerdo al resultado de los comicios, result\u00f3 electa la Lista 1, con el Prof. Juan Martin Bertaina, por sobre la lista 2, con la Mg. Silvia Maranzano.<\/p>\n\n\n\n<p>Luego de la proclamaci\u00f3n finalizada por la junta electoral, el acto eleccionario es convalidado por unanimidad del Consejo Directivo, proclamando al Prof. Juan Martin Bertaina como nuevo Vicerrector del I.S.E.F. Nro 2 \u201cProf. F. W. Dickens\u201d<\/p>\n\n\n\n<figure class=\"wp-block-image size-full\"><img decoding=\"async\" loading=\"lazy\" width=\"751\" height=\"677\" src=\"https:\/\/isef2-caba.infd.edu.ar\/sitio\/wp-content\/uploads\/2023\/08\/image.png\" alt=\"\" class=\"wp-image-3557\"\/><\/figure>\n\n\n\n<div class=\"wp-block-file\"><object class=\"wp-block-file__embed\" data=\"https:\/\/isef2-caba.infd.edu.ar\/sitio\/wp-content\/uploads\/2023\/09\/CD-Regimen-de-SAF-y-RMLT.pdf\" type=\"application\/pdf\" style=\"width:100%;height:600px\" aria-label=\"Incrustado de CD-Regimen-de-SAF-y-RMLT.\"><\/object><a id=\"wp-block-file--media-0e8035ac-4682-4ac7-8740-492ccde8d7a3\" href=\"https:\/\/isef2-caba.infd.edu.ar\/sitio\/wp-content\/uploads\/2023\/09\/CD-Regimen-de-SAF-y-RMLT.pdf\">CD-Regimen-de-SAF-y-RMLT<\/a><a href=\"https:\/\/isef2-caba.infd.edu.ar\/sitio\/wp-content\/uploads\/2023\/09\/CD-Regimen-de-SAF-y-RMLT.pdf\" class=\"wp-block-file__button wp-element-button\" download aria-describedby=\"wp-block-file--media-0e8035ac-4682-4ac7-8740-492ccde8d7a3\">Descarga<\/a><\/div>\n","protected":false},"excerpt":{"rendered":"<p>Resoluciones aprobadas por Consejo directivo: Reuni\u00f3n del C.D 15\/11\/2023 Estimadas\/os colegas:Les compartimos informaci\u00f3n a modo de un breve punteo acerca de la 1ra reuni\u00f3n de Consejo Directivo recientemente conformado para el periodo 2023-2025.Saludos cordialesEquipo de Conducci\u00f3n Luego de las presentaciones personales pertinentes, el Rector Oscar Coso dio inicio al encuentro comentando algunas cuestiones respecto de &#8230; <a title=\"Consejo Directivo\" class=\"read-more\" href=\"https:\/\/isef2-caba.infd.edu.ar\/sitio\/consejo-directivo\/\" aria-label=\"More on Consejo Directivo\">[+]<\/a><\/p>\n","protected":false},"author":2051,"featured_media":0,"parent":0,"menu_order":0,"comment_status":"closed","ping_status":"closed","template":"","meta":[],"acf":[],"_links":{"self":[{"href":"https:\/\/isef2-caba.infd.edu.ar\/sitio\/wp-json\/wp\/v2\/pages\/3551"}],"collection":[{"href":"https:\/\/isef2-caba.infd.edu.ar\/sitio\/wp-json\/wp\/v2\/pages"}],"about":[{"href":"https:\/\/isef2-caba.infd.edu.ar\/sitio\/wp-json\/wp\/v2\/types\/page"}],"author":[{"embeddable":true,"href":"https:\/\/isef2-caba.infd.edu.ar\/sitio\/wp-json\/wp\/v2\/users\/2051"}],"replies":[{"embeddable":true,"href":"https:\/\/isef2-caba.infd.edu.ar\/sitio\/wp-json\/wp\/v2\/comments?post=3551"}],"version-history":[{"count":5,"href":"https:\/\/isef2-caba.infd.edu.ar\/sitio\/wp-json\/wp\/v2\/pages\/3551\/revisions"}],"predecessor-version":[{"id":3755,"href":"https:\/\/isef2-caba.infd.edu.ar\/sitio\/wp-json\/wp\/v2\/pages\/3551\/revisions\/3755"}],"wp:attachment":[{"href":"https:\/\/isef2-caba.infd.edu.ar\/sitio\/wp-json\/wp\/v2\/media?parent=3551"}],"curies":[{"name":"wp","href":"https:\/\/api.w.org\/{rel}","templated":true}]}}